{"id":491,"date":"2024-11-18T13:57:59","date_gmt":"2024-11-18T12:57:59","guid":{"rendered":"https:\/\/www.planetinterimservices.ch\/?page_id=491"},"modified":"2025-11-21T10:08:25","modified_gmt":"2025-11-21T09:08:25","slug":"per-i-professionisti","status":"publish","type":"page","link":"https:\/\/www.planetinterimservices.ch\/it\/pour-les-professionnels\/","title":{"rendered":"Per i professionisti"},"content":{"rendered":"<div data-elementor-type=\"wp-page\" data-elementor-id=\"491\" class=\"elementor elementor-491\" data-elementor-post-type=\"page\">\n\t\t\t\t<div class=\"elementor-element elementor-element-6fb1b10 e-flex e-con-boxed e-con e-parent\" data-id=\"6fb1b10\" data-element_type=\"container\" data-e-type=\"container\" data-settings=\"{&quot;background_background&quot;:&quot;classic&quot;}\">\n\t\t\t\t\t<div class=\"e-con-inner\">\n\t\t<div class=\"elementor-element elementor-element-33e827d e-con-full e-flex e-con e-child\" data-id=\"33e827d\" data-element_type=\"container\" data-e-type=\"container\">\n\t\t\t\t<div class=\"elementor-element elementor-element-83c417f elementor-widget elementor-widget-heading\" data-id=\"83c417f\" data-element_type=\"widget\" data-e-type=\"widget\" data-widget_type=\"heading.default\">\n\t\t\t\t<div class=\"elementor-widget-container\">\n\t\t\t\t\t<h1 class=\"elementor-heading-title elementor-size-default\">Servizi per le aziende<br>Assunzioni temporanee e a tempo indeterminato in Svizzera\n<\/h1>\t\t\t\t<\/div>\n\t\t\t\t<\/div>\n\t\t\t\t<div class=\"elementor-element elementor-element-9bb0c45 elementor-widget elementor-widget-text-editor\" data-id=\"9bb0c45\" data-element_type=\"widget\" data-e-type=\"widget\" data-widget_type=\"text-editor.default\">\n\t\t\t\t<div class=\"elementor-widget-container\">\n\t\t\t\t\t\t\t\t\t<p>Noi di Planet Interim Services offriamo soluzioni su misura per le aziende. Il nostro team individua e seleziona i migliori talenti per soddisfare le vostre esigenze in modo rapido ed efficiente. Che stiate cercando personale a tempo determinato o indeterminato, vi accompagniamo dall'inizio alla fine.\u00a0<\/p>\t\t\t\t\t\t\t\t<\/div>\n\t\t\t\t<\/div>\n\t\t\t\t<div class=\"elementor-element elementor-element-c7ccb9b elementor-widget elementor-widget-button\" data-id=\"c7ccb9b\" data-element_type=\"widget\" data-e-type=\"widget\" data-widget_type=\"button.default\">\n\t\t\t\t<div class=\"elementor-widget-container\">\n\t\t\t\t\t\t\t\t\t<div class=\"elementor-button-wrapper\">\n\t\t\t\t\t<a class=\"elementor-button elementor-button-link elementor-size-sm\" href=\"https:\/\/www.planetinterimservices.ch\/it\/contact\/\">\n\t\t\t\t\t\t<span class=\"elementor-button-content-wrapper\">\n\t\t\t\t\t\t\t\t\t<span class=\"elementor-button-text\">Contattateci<\/span>\n\t\t\t\t\t<\/span>\n\t\t\t\t\t<\/a>\n\t\t\t\t<\/div>\n\t\t\t\t\t\t\t\t<\/div>\n\t\t\t\t<\/div>\n\t\t\t\t<\/div>\n\t\t\t\t\t<\/div>\n\t\t\t\t<\/div>\n\t\t<div class=\"elementor-element elementor-element-4a92027 e-flex e-con-boxed e-con e-parent\" data-id=\"4a92027\" data-element_type=\"container\" data-e-type=\"container\">\n\t\t\t\t\t<div class=\"e-con-inner\">\n\t\t\t\t<div class=\"elementor-element elementor-element-5fd5c52 elementor-widget elementor-widget-heading\" data-id=\"5fd5c52\" data-element_type=\"widget\" data-e-type=\"widget\" data-widget_type=\"heading.default\">\n\t\t\t\t<div class=\"elementor-widget-container\">\n\t\t\t\t\t<h2 class=\"elementor-heading-title elementor-size-default\">Agenzia di collocamento fisso e temporaneo\n<\/h2>\t\t\t\t<\/div>\n\t\t\t\t<\/div>\n\t\t\t\t<div class=\"elementor-element elementor-element-151ca60 elementor-widget-divider--view-line elementor-widget elementor-widget-divider\" data-id=\"151ca60\" data-element_type=\"widget\" data-e-type=\"widget\" data-widget_type=\"divider.default\">\n\t\t\t\t<div class=\"elementor-widget-container\">\n\t\t\t\t\t\t\t<div class=\"elementor-divider\">\n\t\t\t<span class=\"elementor-divider-separator\">\n\t\t\t\t\t\t<\/span>\n\t\t<\/div>\n\t\t\t\t\t\t<\/div>\n\t\t\t\t<\/div>\n\t\t\t\t<div class=\"elementor-element elementor-element-d059f53 elementor-widget__width-initial elementor-widget elementor-widget-text-editor\" data-id=\"d059f53\" data-element_type=\"widget\" data-e-type=\"widget\" data-widget_type=\"text-editor.default\">\n\t\t\t\t<div class=\"elementor-widget-container\">\n\t\t\t\t\t\t\t\t\t<p>Il nostro processo di reclutamento \u00e8 concepito per garantire una perfetta corrispondenza tra le competenze dei candidati e le esigenze delle aziende. Accompagniamo ogni cliente e ogni candidato con un follow-up personalizzato e rigoroso.<\/p>\t\t\t\t\t\t\t\t<\/div>\n\t\t\t\t<\/div>\n\t\t<div class=\"elementor-element elementor-element-982e7af e-con-full e-flex e-con e-child\" data-id=\"982e7af\" data-element_type=\"container\" data-e-type=\"container\">\n\t\t<div class=\"elementor-element elementor-element-ecf1c33 e-con-full e-flex e-con e-child\" data-id=\"ecf1c33\" data-element_type=\"container\" data-e-type=\"container\" data-settings=\"{&quot;background_background&quot;:&quot;classic&quot;}\">\n\t\t\t\t<div class=\"elementor-element elementor-element-698f2d0 elementor-widget elementor-widget-heading\" data-id=\"698f2d0\" data-element_type=\"widget\" data-e-type=\"widget\" data-widget_type=\"heading.default\">\n\t\t\t\t<div class=\"elementor-widget-container\">\n\t\t\t\t\t<h3 class=\"elementor-heading-title elementor-size-default\">Esame della candidatura\n<\/h3>\t\t\t\t<\/div>\n\t\t\t\t<\/div>\n\t\t\t\t<div class=\"elementor-element elementor-element-016df8d elementor-widget elementor-widget-text-editor\" data-id=\"016df8d\" data-element_type=\"widget\" data-e-type=\"widget\" data-widget_type=\"text-editor.default\">\n\t\t\t\t<div class=\"elementor-widget-container\">\n\t\t\t\t\t\t\t\t\t<p>Il nostro processo di reclutamento inizia con una <strong>attenta analisi di ogni pratica che riceviamo<\/strong>. Ogni candidato viene ricevuto per un colloquio al fine di valutare le sue competenze, le sue qualit\u00e0 e la sua personalit\u00e0. Questo incontro ci permette di comprendere le aspirazioni di ogni individuo e di definire obiettivi professionali precisi.<\/p>\t\t\t\t\t\t\t\t<\/div>\n\t\t\t\t<\/div>\n\t\t\t\t<\/div>\n\t\t<div class=\"elementor-element elementor-element-a7b742e e-con-full e-flex e-con e-child\" data-id=\"a7b742e\" data-element_type=\"container\" data-e-type=\"container\" data-settings=\"{&quot;background_background&quot;:&quot;classic&quot;}\">\n\t\t\t\t<div class=\"elementor-element elementor-element-430b9a7 elementor-widget elementor-widget-heading\" data-id=\"430b9a7\" data-element_type=\"widget\" data-e-type=\"widget\" data-widget_type=\"heading.default\">\n\t\t\t\t<div class=\"elementor-widget-container\">\n\t\t\t\t\t<h3 class=\"elementor-heading-title elementor-size-default\">Creazione del profilo\n<\/h3>\t\t\t\t<\/div>\n\t\t\t\t<\/div>\n\t\t\t\t<div class=\"elementor-element elementor-element-ed8e06e elementor-widget elementor-widget-text-editor\" data-id=\"ed8e06e\" data-element_type=\"widget\" data-e-type=\"widget\" data-widget_type=\"text-editor.default\">\n\t\t\t\t<div class=\"elementor-widget-container\">\n\t\t\t\t\t\t\t\t\t<p>Quando possibile, effettuiamo <strong>verifica delle referenze presso i precedenti datori di lavoro<\/strong> per convalidare l'esperienza e le competenze del candidato. Successivamente, <strong>creiamo un profilo dettagliato<\/strong> che sottoponiamo alle aziende interessate, garantendo una corrispondenza ottimale tra le aspettative dei nostri clienti e le qualit\u00e0 dei candidati.<\/p>\t\t\t\t\t\t\t\t<\/div>\n\t\t\t\t<\/div>\n\t\t\t\t<\/div>\n\t\t<div class=\"elementor-element elementor-element-af4bf5e e-con-full e-flex e-con e-child\" data-id=\"af4bf5e\" data-element_type=\"container\" data-e-type=\"container\" data-settings=\"{&quot;background_background&quot;:&quot;classic&quot;}\">\n\t\t\t\t<div class=\"elementor-element elementor-element-c33fc58 elementor-widget elementor-widget-heading\" data-id=\"c33fc58\" data-element_type=\"widget\" data-e-type=\"widget\" data-widget_type=\"heading.default\">\n\t\t\t\t<div class=\"elementor-widget-container\">\n\t\t\t\t\t<h3 class=\"elementor-heading-title elementor-size-default\">Accordo e finalizzazione \n<\/h3>\t\t\t\t<\/div>\n\t\t\t\t<\/div>\n\t\t\t\t<div class=\"elementor-element elementor-element-0ac432c elementor-widget elementor-widget-text-editor\" data-id=\"0ac432c\" data-element_type=\"widget\" data-e-type=\"widget\" data-widget_type=\"text-editor.default\">\n\t\t\t\t<div class=\"elementor-widget-container\">\n\t\t\t\t\t\t\t\t\t<p>Una volta che l'azienda \u00e8 pronta ad assumere il candidato, ci occupiamo di tutte le formalit\u00e0 amministrative, compresa la <strong>preparazione del contratto e fornitura delle attrezzature di sicurezza<\/strong> necessario per la posizione. In molti casi, accompagniamo il collaboratore sul posto di lavoro il primo giorno, per garantire un'integrazione fluida e rassicurante.<\/p>\t\t\t\t\t\t\t\t<\/div>\n\t\t\t\t<\/div>\n\t\t\t\t<\/div>\n\t\t<div class=\"elementor-element elementor-element-43e2a8f e-con-full e-flex e-con e-child\" data-id=\"43e2a8f\" data-element_type=\"container\" data-e-type=\"container\" data-settings=\"{&quot;background_background&quot;:&quot;classic&quot;}\">\n\t\t\t\t<div class=\"elementor-element elementor-element-2f9990e elementor-widget elementor-widget-heading\" data-id=\"2f9990e\" data-element_type=\"widget\" data-e-type=\"widget\" data-widget_type=\"heading.default\">\n\t\t\t\t<div class=\"elementor-widget-container\">\n\t\t\t\t\t<h3 class=\"elementor-heading-title elementor-size-default\">Monitoraggio e gestione del personale temporaneo\n<\/h3>\t\t\t\t<\/div>\n\t\t\t\t<\/div>\n\t\t\t\t<div class=\"elementor-element elementor-element-1120124 elementor-widget elementor-widget-text-editor\" data-id=\"1120124\" data-element_type=\"widget\" data-e-type=\"widget\" data-widget_type=\"text-editor.default\">\n\t\t\t\t<div class=\"elementor-widget-container\">\n\t\t\t\t\t\t\t\t\t<p>Per i <strong data-start=\"778\" data-end=\"802\">lavoratori temporanei<\/strong>, stabiliamo un <strong data-start=\"824\" data-end=\"864\">sistema di monitoraggio accurato e rigoroso<\/strong>. Ogni collaboratore temporaneo riceve <strong data-start=\"909\" data-end=\"929\">registrazioni delle ore lavorative<\/strong> e buste preaffrancate per restituirci i suoi rendiconti settimanali, firmati dall'azienda e da lui stesso. Su questa base, prepariamo la <strong data-start=\"1081\" data-end=\"1098\">busta paga<\/strong> e stabiliamo la <strong data-start=\"1117\" data-end=\"1143\">fattura per il cliente<\/strong>.<br data-start=\"1144\" data-end=\"1147\" \/>Se necessario, assistiamo il collaboratore nelle <strong data-start=\"1208\" data-end=\"1237\">pratiche burocratiche<\/strong>, come la preparazione di documenti per il <strong data-start=\"1281\" data-end=\"1292\" data-is-only-node=\"\">disoccupazione<\/strong> o le richieste di <strong data-start=\"1312\" data-end=\"1333\">permesso di lavoro<\/strong>.<br data-start=\"1334\" data-end=\"1337\" \/>Offriamo anche una <strong data-start=\"1366\" data-end=\"1395\">assistenza amministrativa<\/strong> e dei <strong data-start=\"1403\" data-end=\"1441\">consulenza sulla legislazione svizzera<\/strong> (<strong data-start=\"1443\" data-end=\"1453\">permesso<\/strong>, <strong data-start=\"1455\" data-end=\"1462\">CCT<\/strong>, <strong data-start=\"1464\" data-end=\"1476\">sicurezza<\/strong>, ecc.) al fine di garantire una conformit\u00e0 ottimale.<\/p>\t\t\t\t\t\t\t\t<\/div>\n\t\t\t\t<\/div>\n\t\t\t\t<\/div>\n\t\t\t\t<\/div>\n\t\t\t\t\t<\/div>\n\t\t\t\t<\/div>\n\t\t<div class=\"elementor-element elementor-element-55ad981 e-flex e-con-boxed e-con e-parent\" data-id=\"55ad981\" data-element_type=\"container\" data-e-type=\"container\" data-settings=\"{&quot;background_background&quot;:&quot;classic&quot;}\">\n\t\t\t\t\t<div class=\"e-con-inner\">\n\t\t<div class=\"elementor-element elementor-element-15e3bc2 e-con-full e-flex e-con e-child\" data-id=\"15e3bc2\" data-element_type=\"container\" data-e-type=\"container\">\n\t\t\t\t<div class=\"elementor-element elementor-element-90ed33a elementor-widget elementor-widget-heading\" data-id=\"90ed33a\" data-element_type=\"widget\" data-e-type=\"widget\" data-widget_type=\"heading.default\">\n\t\t\t\t<div class=\"elementor-widget-container\">\n\t\t\t\t\t<h2 class=\"elementor-heading-title elementor-size-default\">Gestione delle buste paga\n<\/h2>\t\t\t\t<\/div>\n\t\t\t\t<\/div>\n\t\t\t\t<div class=\"elementor-element elementor-element-a1c8924 elementor-widget-divider--view-line elementor-widget elementor-widget-divider\" data-id=\"a1c8924\" data-element_type=\"widget\" data-e-type=\"widget\" data-widget_type=\"divider.default\">\n\t\t\t\t<div class=\"elementor-widget-container\">\n\t\t\t\t\t\t\t<div class=\"elementor-divider\">\n\t\t\t<span class=\"elementor-divider-separator\">\n\t\t\t\t\t\t<\/span>\n\t\t<\/div>\n\t\t\t\t\t\t<\/div>\n\t\t\t\t<\/div>\n\t\t\t\t<div class=\"elementor-element elementor-element-9c2c975 elementor-widget elementor-widget-text-editor\" data-id=\"9c2c975\" data-element_type=\"widget\" data-e-type=\"widget\" data-widget_type=\"text-editor.default\">\n\t\t\t\t<div class=\"elementor-widget-container\">\n\t\t\t\t\t\t\t\t\t<p>Affidate la gestione delle vostre buste paga per alleggerire i vostri oneri amministrativi e risparmiare tempo da dedicare alle vostre attivit\u00e0 principali. <strong>Forniamo un servizio completo di gestione stipendi<\/strong> per consentirvi di concentrarvi sullo sviluppo della vostra attivit\u00e0, occupandosi di tutti gli obblighi legali e amministrativi relativi alla gestione delle retribuzioni.<\/p>\t\t\t\t\t\t\t\t<\/div>\n\t\t\t\t<\/div>\n\t\t\t\t<div class=\"elementor-element elementor-element-f321834 elementor-widget elementor-widget-button\" data-id=\"f321834\" data-element_type=\"widget\" data-e-type=\"widget\" data-widget_type=\"button.default\">\n\t\t\t\t<div class=\"elementor-widget-container\">\n\t\t\t\t\t\t\t\t\t<div class=\"elementor-button-wrapper\">\n\t\t\t\t\t<a class=\"elementor-button elementor-button-link elementor-size-sm\" href=\"https:\/\/www.planetinterimservices.ch\/it\/contact\/\">\n\t\t\t\t\t\t<span class=\"elementor-button-content-wrapper\">\n\t\t\t\t\t\t\t\t\t<span class=\"elementor-button-text\">Contattateci<\/span>\n\t\t\t\t\t<\/span>\n\t\t\t\t\t<\/a>\n\t\t\t\t<\/div>\n\t\t\t\t\t\t\t\t<\/div>\n\t\t\t\t<\/div>\n\t\t\t\t<\/div>\n\t\t<div class=\"elementor-element elementor-element-be59470 e-con-full e-flex e-con e-child\" data-id=\"be59470\" data-element_type=\"container\" data-e-type=\"container\">\n\t\t\t\t<div class=\"elementor-element elementor-element-5fad582 elementor-widget elementor-widget-image\" data-id=\"5fad582\" data-element_type=\"widget\" data-e-type=\"widget\" data-widget_type=\"image.default\">\n\t\t\t\t<div class=\"elementor-widget-container\">\n\t\t\t\t\t\t\t\t\t\t\t\t\t\t\t<img fetchpriority=\"high\" decoding=\"async\" width=\"800\" height=\"534\" src=\"https:\/\/www.planetinterimservices.ch\/wp-content\/uploads\/2024\/11\/planet-interim-emplois-temporaires-et-fixes-en-suisse-4-1024x683.jpeg\" class=\"attachment-large size-large wp-image-602\" alt=\"\" srcset=\"https:\/\/www.planetinterimservices.ch\/wp-content\/uploads\/2024\/11\/planet-interim-emplois-temporaires-et-fixes-en-suisse-4-1024x683.jpeg 1024w, https:\/\/www.planetinterimservices.ch\/wp-content\/uploads\/2024\/11\/planet-interim-emplois-temporaires-et-fixes-en-suisse-4-300x200.jpeg 300w, https:\/\/www.planetinterimservices.ch\/wp-content\/uploads\/2024\/11\/planet-interim-emplois-temporaires-et-fixes-en-suisse-4-768x512.jpeg 768w, https:\/\/www.planetinterimservices.ch\/wp-content\/uploads\/2024\/11\/planet-interim-emplois-temporaires-et-fixes-en-suisse-4.jpeg 1500w\" sizes=\"(max-width: 800px) 100vw, 800px\" \/>\t\t\t\t\t\t\t\t\t\t\t\t\t\t\t<\/div>\n\t\t\t\t<\/div>\n\t\t\t\t<\/div>\n\t\t\t\t\t<\/div>\n\t\t\t\t<\/div>\n\t\t<div class=\"elementor-element elementor-element-372a5dd e-flex e-con-boxed e-con e-parent\" data-id=\"372a5dd\" data-element_type=\"container\" data-e-type=\"container\" data-settings=\"{&quot;background_background&quot;:&quot;classic&quot;}\">\n\t\t\t\t\t<div class=\"e-con-inner\">\n\t\t<div class=\"elementor-element elementor-element-91741c2 e-con-full e-flex e-con e-child\" data-id=\"91741c2\" data-element_type=\"container\" data-e-type=\"container\">\n\t\t\t\t<div class=\"elementor-element elementor-element-13bd936 elementor-widget elementor-widget-heading\" data-id=\"13bd936\" data-element_type=\"widget\" data-e-type=\"widget\" data-widget_type=\"heading.default\">\n\t\t\t\t<div class=\"elementor-widget-container\">\n\t\t\t\t\t<h2 class=\"elementor-heading-title elementor-size-default\">Prova e assumi\n<\/h2>\t\t\t\t<\/div>\n\t\t\t\t<\/div>\n\t\t\t\t<div class=\"elementor-element elementor-element-60ea6bc elementor-widget-divider--view-line elementor-widget elementor-widget-divider\" data-id=\"60ea6bc\" data-element_type=\"widget\" data-e-type=\"widget\" data-widget_type=\"divider.default\">\n\t\t\t\t<div class=\"elementor-widget-container\">\n\t\t\t\t\t\t\t<div class=\"elementor-divider\">\n\t\t\t<span class=\"elementor-divider-separator\">\n\t\t\t\t\t\t<\/span>\n\t\t<\/div>\n\t\t\t\t\t\t<\/div>\n\t\t\t\t<\/div>\n\t\t\t\t<div class=\"elementor-element elementor-element-f5ab2f0 elementor-widget elementor-widget-text-editor\" data-id=\"f5ab2f0\" data-element_type=\"widget\" data-e-type=\"widget\" data-widget_type=\"text-editor.default\">\n\t\t\t\t<div class=\"elementor-widget-container\">\n\t\t\t\t\t\t\t\t\t<p>Il nostro <strong>soluzione Try &amp; Hire<\/strong> consente di testare le competenze di un collaboratore temporaneo prima di assumerlo a tempo indeterminato. Questa formula offre una preziosa flessibilit\u00e0 alle aziende che desiderano assicurarsi che un dipendente sia in linea con la loro cultura aziendale prima di un impegno a lungo termine.<\/p>\t\t\t\t\t\t\t\t<\/div>\n\t\t\t\t<\/div>\n\t\t\t\t<div class=\"elementor-element elementor-element-3bb5355 elementor-widget elementor-widget-button\" data-id=\"3bb5355\" data-element_type=\"widget\" data-e-type=\"widget\" data-widget_type=\"button.default\">\n\t\t\t\t<div class=\"elementor-widget-container\">\n\t\t\t\t\t\t\t\t\t<div class=\"elementor-button-wrapper\">\n\t\t\t\t\t<a class=\"elementor-button elementor-button-link elementor-size-sm\" href=\"https:\/\/www.planetinterimservices.ch\/it\/contact\/\">\n\t\t\t\t\t\t<span class=\"elementor-button-content-wrapper\">\n\t\t\t\t\t\t\t\t\t<span class=\"elementor-button-text\">Contattateci<\/span>\n\t\t\t\t\t<\/span>\n\t\t\t\t\t<\/a>\n\t\t\t\t<\/div>\n\t\t\t\t\t\t\t\t<\/div>\n\t\t\t\t<\/div>\n\t\t\t\t<\/div>\n\t\t<div class=\"elementor-element elementor-element-87645a9 e-con-full e-flex e-con e-child\" data-id=\"87645a9\" data-element_type=\"container\" data-e-type=\"container\">\n\t\t\t\t<div class=\"elementor-element elementor-element-782b878 elementor-widget elementor-widget-image\" data-id=\"782b878\" data-element_type=\"widget\" data-e-type=\"widget\" data-widget_type=\"image.default\">\n\t\t\t\t<div class=\"elementor-widget-container\">\n\t\t\t\t\t\t\t\t\t\t\t\t\t\t\t<img decoding=\"async\" width=\"800\" height=\"534\" src=\"https:\/\/www.planetinterimservices.ch\/wp-content\/uploads\/2025\/10\/planet-interim-emplois-temporaires-et-fixes-en-suisse-try-hire.jpg\" class=\"attachment-large size-large wp-image-1760\" alt=\"\" srcset=\"https:\/\/www.planetinterimservices.ch\/wp-content\/uploads\/2025\/10\/planet-interim-emplois-temporaires-et-fixes-en-suisse-try-hire.jpg 1024w, https:\/\/www.planetinterimservices.ch\/wp-content\/uploads\/2025\/10\/planet-interim-emplois-temporaires-et-fixes-en-suisse-try-hire-300x200.jpg 300w, https:\/\/www.planetinterimservices.ch\/wp-content\/uploads\/2025\/10\/planet-interim-emplois-temporaires-et-fixes-en-suisse-try-hire-768x512.jpg 768w, https:\/\/www.planetinterimservices.ch\/wp-content\/uploads\/2025\/10\/planet-interim-emplois-temporaires-et-fixes-en-suisse-try-hire-18x12.jpg 18w\" sizes=\"(max-width: 800px) 100vw, 800px\" \/>\t\t\t\t\t\t\t\t\t\t\t\t\t\t\t<\/div>\n\t\t\t\t<\/div>\n\t\t\t\t<\/div>\n\t\t\t\t\t<\/div>\n\t\t\t\t<\/div>\n\t\t<div class=\"elementor-element elementor-element-d2f9694 e-flex e-con-boxed e-con e-parent\" data-id=\"d2f9694\" data-element_type=\"container\" data-e-type=\"container\" data-settings=\"{&quot;background_background&quot;:&quot;classic&quot;}\">\n\t\t\t\t\t<div class=\"e-con-inner\">\n\t\t<div class=\"elementor-element elementor-element-c694d01 e-con-full e-flex e-con e-child\" data-id=\"c694d01\" data-element_type=\"container\" data-e-type=\"container\">\n\t\t\t\t<div class=\"elementor-element elementor-element-6c7e44f elementor-widget elementor-widget-heading\" data-id=\"6c7e44f\" data-element_type=\"widget\" data-e-type=\"widget\" data-widget_type=\"heading.default\">\n\t\t\t\t<div class=\"elementor-widget-container\">\n\t\t\t\t\t<h2 class=\"elementor-heading-title elementor-size-default\">Soluzioni HR diversificate\n<\/h2>\t\t\t\t<\/div>\n\t\t\t\t<\/div>\n\t\t\t\t<div class=\"elementor-element elementor-element-6cb1fd8 elementor-widget-divider--view-line elementor-widget elementor-widget-divider\" data-id=\"6cb1fd8\" data-element_type=\"widget\" data-e-type=\"widget\" data-widget_type=\"divider.default\">\n\t\t\t\t<div class=\"elementor-widget-container\">\n\t\t\t\t\t\t\t<div class=\"elementor-divider\">\n\t\t\t<span class=\"elementor-divider-separator\">\n\t\t\t\t\t\t<\/span>\n\t\t<\/div>\n\t\t\t\t\t\t<\/div>\n\t\t\t\t<\/div>\n\t\t\t\t<div class=\"elementor-element elementor-element-8728cd0 elementor-widget elementor-widget-text-editor\" data-id=\"8728cd0\" data-element_type=\"widget\" data-e-type=\"widget\" data-widget_type=\"text-editor.default\">\n\t\t\t\t<div class=\"elementor-widget-container\">\n\t\t\t\t\t\t\t\t\t<p>Noi di Planet Interim Services sappiamo che ogni azienda ha esigenze specifiche in materia di risorse umane. Per questo motivo proponiamo soluzioni HR su misura, tra cui:<\/p><ul><li><strong>Outsourcing<\/strong> : esternalizzate alcune funzioni HR per concentrarvi sul vostro core business.<\/li><li><strong>Reclutamento personalizzato<\/strong> : selezioniamo i candidati che soddisfano i vostri requisiti e organizziamo i colloqui di selezione.<\/li><li><strong>Diffusione di annunci<\/strong> : ci occupiamo della pubblicazione e della gestione delle vostre offerte di lavoro per massimizzare la visibilit\u00e0 e attirare talenti qualificati.<\/li><\/ul>\t\t\t\t\t\t\t\t<\/div>\n\t\t\t\t<\/div>\n\t\t\t\t<div class=\"elementor-element elementor-element-4caccf4 elementor-widget elementor-widget-button\" data-id=\"4caccf4\" data-element_type=\"widget\" data-e-type=\"widget\" data-widget_type=\"button.default\">\n\t\t\t\t<div class=\"elementor-widget-container\">\n\t\t\t\t\t\t\t\t\t<div class=\"elementor-button-wrapper\">\n\t\t\t\t\t<a class=\"elementor-button elementor-button-link elementor-size-sm\" href=\"https:\/\/www.planetinterimservices.ch\/it\/contact\/\">\n\t\t\t\t\t\t<span class=\"elementor-button-content-wrapper\">\n\t\t\t\t\t\t\t\t\t<span class=\"elementor-button-text\">Contattateci<\/span>\n\t\t\t\t\t<\/span>\n\t\t\t\t\t<\/a>\n\t\t\t\t<\/div>\n\t\t\t\t\t\t\t\t<\/div>\n\t\t\t\t<\/div>\n\t\t\t\t<\/div>\n\t\t<div class=\"elementor-element elementor-element-f776e47 e-con-full e-flex e-con e-child\" data-id=\"f776e47\" data-element_type=\"container\" data-e-type=\"container\">\n\t\t\t\t<div class=\"elementor-element elementor-element-867ada7 elementor-widget elementor-widget-image\" data-id=\"867ada7\" data-element_type=\"widget\" data-e-type=\"widget\" data-widget_type=\"image.default\">\n\t\t\t\t<div class=\"elementor-widget-container\">\n\t\t\t\t\t\t\t\t\t\t\t\t\t\t\t<img decoding=\"async\" width=\"800\" height=\"534\" src=\"https:\/\/www.planetinterimservices.ch\/wp-content\/uploads\/2024\/11\/planet-interim-emplois-temporaires-et-fixes-en-suisse-7-1024x683.jpeg\" class=\"attachment-large size-large wp-image-601\" alt=\"\" srcset=\"https:\/\/www.planetinterimservices.ch\/wp-content\/uploads\/2024\/11\/planet-interim-emplois-temporaires-et-fixes-en-suisse-7-1024x683.jpeg 1024w, https:\/\/www.planetinterimservices.ch\/wp-content\/uploads\/2024\/11\/planet-interim-emplois-temporaires-et-fixes-en-suisse-7-300x200.jpeg 300w, https:\/\/www.planetinterimservices.ch\/wp-content\/uploads\/2024\/11\/planet-interim-emplois-temporaires-et-fixes-en-suisse-7-768x512.jpeg 768w, https:\/\/www.planetinterimservices.ch\/wp-content\/uploads\/2024\/11\/planet-interim-emplois-temporaires-et-fixes-en-suisse-7.jpeg 1500w\" sizes=\"(max-width: 800px) 100vw, 800px\" \/>\t\t\t\t\t\t\t\t\t\t\t\t\t\t\t<\/div>\n\t\t\t\t<\/div>\n\t\t\t\t<\/div>\n\t\t\t\t\t<\/div>\n\t\t\t\t<\/div>\n\t\t<div class=\"elementor-element elementor-element-b0b4c0f elementor-hidden-desktop elementor-hidden-tablet elementor-hidden-mobile e-flex e-con-boxed e-con e-parent\" data-id=\"b0b4c0f\" data-element_type=\"container\" data-e-type=\"container\" data-settings=\"{&quot;background_background&quot;:&quot;classic&quot;}\">\n\t\t\t\t\t<div class=\"e-con-inner\">\n\t\t<div class=\"elementor-element elementor-element-89b9a98 e-con-full e-flex e-con e-child\" data-id=\"89b9a98\" data-element_type=\"container\" data-e-type=\"container\">\n\t\t\t\t<div class=\"elementor-element elementor-element-6b4070a elementor-widget elementor-widget-heading\" data-id=\"6b4070a\" data-element_type=\"widget\" data-e-type=\"widget\" data-widget_type=\"heading.default\">\n\t\t\t\t<div class=\"elementor-widget-container\">\n\t\t\t\t\t<h2 class=\"elementor-heading-title elementor-size-default\">Easyplanet, soluzione di gestione semplificata\n<\/h2>\t\t\t\t<\/div>\n\t\t\t\t<\/div>\n\t\t\t\t<div class=\"elementor-element elementor-element-d80e7c7 elementor-widget-divider--view-line elementor-widget elementor-widget-divider\" data-id=\"d80e7c7\" data-element_type=\"widget\" data-e-type=\"widget\" data-widget_type=\"divider.default\">\n\t\t\t\t<div class=\"elementor-widget-container\">\n\t\t\t\t\t\t\t<div class=\"elementor-divider\">\n\t\t\t<span class=\"elementor-divider-separator\">\n\t\t\t\t\t\t<\/span>\n\t\t<\/div>\n\t\t\t\t\t\t<\/div>\n\t\t\t\t<\/div>\n\t\t\t\t<div class=\"elementor-element elementor-element-7f725b9 elementor-widget elementor-widget-text-editor\" data-id=\"7f725b9\" data-element_type=\"widget\" data-e-type=\"widget\" data-widget_type=\"text-editor.default\">\n\t\t\t\t<div class=\"elementor-widget-container\">\n\t\t\t\t\t\t\t\t\t<p>Easyplanet \u00e8 un programma informatico innovativo che semplifica la gestione delle ore lavorative per l'azienda, l'agenzia e i collaboratori.<br \/>I vantaggi sono:<\/p><ul><li>Inserimento semplificato e facile da usare<\/li><li>Elaborazione delle ore in tempo reale<\/li><li>Visibilit\u00e0 semplificata per tutte e tre le parti<\/li><li>Modificabile in qualsiasi momento con un solo clic<\/li><li>Ecologico e facilmente accessibile<\/li><\/ul>\t\t\t\t\t\t\t\t<\/div>\n\t\t\t\t<\/div>\n\t\t\t\t<div class=\"elementor-element elementor-element-c02eb6c elementor-widget elementor-widget-button\" data-id=\"c02eb6c\" data-element_type=\"widget\" data-e-type=\"widget\" data-widget_type=\"button.default\">\n\t\t\t\t<div class=\"elementor-widget-container\">\n\t\t\t\t\t\t\t\t\t<div class=\"elementor-button-wrapper\">\n\t\t\t\t\t<a class=\"elementor-button elementor-button-link elementor-size-sm\" href=\"https:\/\/www.planetinterimservices.ch\/it\/contact\/\">\n\t\t\t\t\t\t<span class=\"elementor-button-content-wrapper\">\n\t\t\t\t\t\t\t\t\t<span class=\"elementor-button-text\">Contattateci<\/span>\n\t\t\t\t\t<\/span>\n\t\t\t\t\t<\/a>\n\t\t\t\t<\/div>\n\t\t\t\t\t\t\t\t<\/div>\n\t\t\t\t<\/div>\n\t\t\t\t<\/div>\n\t\t<div class=\"elementor-element elementor-element-8b635a6 e-con-full e-flex e-con e-child\" data-id=\"8b635a6\" data-element_type=\"container\" data-e-type=\"container\">\n\t\t\t\t<div class=\"elementor-element elementor-element-316940f elementor-widget elementor-widget-image\" data-id=\"316940f\" data-element_type=\"widget\" data-e-type=\"widget\" data-widget_type=\"image.default\">\n\t\t\t\t<div class=\"elementor-widget-container\">\n\t\t\t\t\t\t\t\t\t\t\t\t\t\t\t<img decoding=\"async\" src=\"https:\/\/www.planetinterimservices.ch\/wp-content\/plugins\/elementor\/assets\/images\/placeholder.png\" title=\"\" alt=\"\" loading=\"lazy\" \/>\t\t\t\t\t\t\t\t\t\t\t\t\t\t\t<\/div>\n\t\t\t\t<\/div>\n\t\t\t\t<\/div>\n\t\t\t\t\t<\/div>\n\t\t\t\t<\/div>\n\t\t\t\t<\/div>","protected":false},"excerpt":{"rendered":"<p>Services pour les entreprisesRecrutement temporaire et fixe en Suisse Chez Planet Interim Services, nous offrons des solutions sur mesure pour les entreprises. Notre \u00e9quipe identifie et s\u00e9lectionne les meilleurs talents pour r\u00e9pondre \u00e0 vos besoins de mani\u00e8re rapide et efficace. Que vous cherchiez \u00e0 embaucher pour une courte dur\u00e9e ou un poste fixe, nous vous [&hellip;]<\/p>\n","protected":false},"author":3,"featured_media":0,"parent":0,"menu_order":0,"comment_status":"closed","ping_status":"closed","template":"elementor_header_footer","meta":{"footnotes":""},"class_list":["post-491","page","type-page","status-publish","hentry"],"yoast_head":"<!-- This site is optimized with the Yoast SEO plugin v28.1 - https:\/\/yoast.com\/product\/yoast-seo-wordpress\/ -->\n<title>Entreprises, services de placement temporaire et fixe | Planet Interim<\/title>\n<meta name=\"description\" content=\"Planet Interim propose des services pour les entreprises en Suisse, y compris le placement temporaire et fixe, la gestion de payroll et la sous-traitance.\" \/>\n<meta name=\"robots\" content=\"index, follow, max-snippet:-1, max-image-preview:large, max-video-preview:-1\" \/>\n<link rel=\"canonical\" href=\"https:\/\/www.planetinterimservices.ch\/it\/per-i-professionisti\/\" \/>\n<meta property=\"og:locale\" content=\"it_IT\" \/>\n<meta property=\"og:type\" content=\"article\" \/>\n<meta property=\"og:title\" content=\"Entreprises, services de placement temporaire et fixe | Planet Interim\" \/>\n<meta property=\"og:description\" content=\"Planet Interim propose des services pour les entreprises en Suisse, y compris le placement temporaire et fixe, la gestion de payroll et la sous-traitance.\" \/>\n<meta property=\"og:url\" content=\"https:\/\/www.planetinterimservices.ch\/it\/per-i-professionisti\/\" \/>\n<meta property=\"og:site_name\" content=\"Planet Interim Services SA\" \/>\n<meta property=\"article:modified_time\" content=\"2025-11-21T09:08:25+00:00\" \/>\n<meta property=\"og:image\" content=\"https:\/\/www.planetinterimservices.ch\/wp-content\/uploads\/2024\/11\/planet-interim-emplois-temporaires-et-fixes-en-suisse-4-1024x683.jpeg\" \/>\n<meta name=\"twitter:card\" content=\"summary_large_image\" \/>\n<meta name=\"twitter:label1\" content=\"Tempo di lettura stimato\" \/>\n\t<meta name=\"twitter:data1\" content=\"4 minuti\" \/>\n<script type=\"application\/ld+json\" class=\"yoast-schema-graph\">{\"@context\":\"https:\\\/\\\/schema.org\",\"@graph\":[{\"@type\":\"WebPage\",\"@id\":\"https:\\\/\\\/www.planetinterimservices.ch\\\/pour-les-professionnels\\\/\",\"url\":\"https:\\\/\\\/www.planetinterimservices.ch\\\/pour-les-professionnels\\\/\",\"name\":\"Entreprises, services de placement temporaire et fixe | Planet Interim\",\"isPartOf\":{\"@id\":\"https:\\\/\\\/www.planetinterimservices.ch\\\/#website\"},\"primaryImageOfPage\":{\"@id\":\"https:\\\/\\\/www.planetinterimservices.ch\\\/pour-les-professionnels\\\/#primaryimage\"},\"image\":{\"@id\":\"https:\\\/\\\/www.planetinterimservices.ch\\\/pour-les-professionnels\\\/#primaryimage\"},\"thumbnailUrl\":\"https:\\\/\\\/www.planetinterimservices.ch\\\/wp-content\\\/uploads\\\/2024\\\/11\\\/planet-interim-emplois-temporaires-et-fixes-en-suisse-4-1024x683.jpeg\",\"datePublished\":\"2024-11-18T12:57:59+00:00\",\"dateModified\":\"2025-11-21T09:08:25+00:00\",\"description\":\"Planet Interim propose des services pour les entreprises en Suisse, y compris le placement temporaire et fixe, la gestion de payroll et la sous-traitance.\",\"breadcrumb\":{\"@id\":\"https:\\\/\\\/www.planetinterimservices.ch\\\/pour-les-professionnels\\\/#breadcrumb\"},\"inLanguage\":\"it-IT\",\"potentialAction\":[{\"@type\":\"ReadAction\",\"target\":[\"https:\\\/\\\/www.planetinterimservices.ch\\\/pour-les-professionnels\\\/\"]}]},{\"@type\":\"ImageObject\",\"inLanguage\":\"it-IT\",\"@id\":\"https:\\\/\\\/www.planetinterimservices.ch\\\/pour-les-professionnels\\\/#primaryimage\",\"url\":\"https:\\\/\\\/www.planetinterimservices.ch\\\/wp-content\\\/uploads\\\/2024\\\/11\\\/planet-interim-emplois-temporaires-et-fixes-en-suisse-4-1024x683.jpeg\",\"contentUrl\":\"https:\\\/\\\/www.planetinterimservices.ch\\\/wp-content\\\/uploads\\\/2024\\\/11\\\/planet-interim-emplois-temporaires-et-fixes-en-suisse-4-1024x683.jpeg\"},{\"@type\":\"BreadcrumbList\",\"@id\":\"https:\\\/\\\/www.planetinterimservices.ch\\\/pour-les-professionnels\\\/#breadcrumb\",\"itemListElement\":[{\"@type\":\"ListItem\",\"position\":1,\"name\":\"Accueil\",\"item\":\"https:\\\/\\\/www.planetinterimservices.ch\\\/\"},{\"@type\":\"ListItem\",\"position\":2,\"name\":\"Pour les professionnels\"}]},{\"@type\":\"WebSite\",\"@id\":\"https:\\\/\\\/www.planetinterimservices.ch\\\/#website\",\"url\":\"https:\\\/\\\/www.planetinterimservices.ch\\\/\",\"name\":\"Planet Interim Services SA\",\"description\":\"\",\"publisher\":{\"@id\":\"https:\\\/\\\/www.planetinterimservices.ch\\\/#organization\"},\"potentialAction\":[{\"@type\":\"SearchAction\",\"target\":{\"@type\":\"EntryPoint\",\"urlTemplate\":\"https:\\\/\\\/www.planetinterimservices.ch\\\/?s={search_term_string}\"},\"query-input\":{\"@type\":\"PropertyValueSpecification\",\"valueRequired\":true,\"valueName\":\"search_term_string\"}}],\"inLanguage\":\"it-IT\"},{\"@type\":\"Organization\",\"@id\":\"https:\\\/\\\/www.planetinterimservices.ch\\\/#organization\",\"name\":\"Planet Interim Services SA\",\"url\":\"https:\\\/\\\/www.planetinterimservices.ch\\\/\",\"logo\":{\"@type\":\"ImageObject\",\"inLanguage\":\"it-IT\",\"@id\":\"https:\\\/\\\/www.planetinterimservices.ch\\\/#\\\/schema\\\/logo\\\/image\\\/\",\"url\":\"https:\\\/\\\/www.planetinterimservices.ch\\\/wp-content\\\/uploads\\\/2025\\\/11\\\/logo-horizontal-fond-blanc.svg\",\"contentUrl\":\"https:\\\/\\\/www.planetinterimservices.ch\\\/wp-content\\\/uploads\\\/2025\\\/11\\\/logo-horizontal-fond-blanc.svg\",\"width\":695,\"height\":178,\"caption\":\"Planet Interim Services SA\"},\"image\":{\"@id\":\"https:\\\/\\\/www.planetinterimservices.ch\\\/#\\\/schema\\\/logo\\\/image\\\/\"}}]}<\/script>\n<!-- \/ Yoast SEO plugin. -->","yoast_head_json":{"title":"Aziende, servizi di collocamento temporaneo e fisso | Planet Interim","description":"Planet Interim offre servizi alle aziende in Svizzera, tra cui collocamento temporaneo e permanente, gestione delle buste paga e subappalto.","robots":{"index":"index","follow":"follow","max-snippet":"max-snippet:-1","max-image-preview":"max-image-preview:large","max-video-preview":"max-video-preview:-1"},"canonical":"https:\/\/www.planetinterimservices.ch\/it\/per-i-professionisti\/","og_locale":"it_IT","og_type":"article","og_title":"Entreprises, services de placement temporaire et fixe | Planet Interim","og_description":"Planet Interim propose des services pour les entreprises en Suisse, y compris le placement temporaire et fixe, la gestion de payroll et la sous-traitance.","og_url":"https:\/\/www.planetinterimservices.ch\/it\/per-i-professionisti\/","og_site_name":"Planet Interim Services SA","article_modified_time":"2025-11-21T09:08:25+00:00","og_image":[{"url":"https:\/\/www.planetinterimservices.ch\/wp-content\/uploads\/2024\/11\/planet-interim-emplois-temporaires-et-fixes-en-suisse-4-1024x683.jpeg","type":"","width":"","height":""}],"twitter_card":"summary_large_image","twitter_misc":{"Tempo di lettura stimato":"4 minuti"},"schema":{"@context":"https:\/\/schema.org","@graph":[{"@type":"WebPage","@id":"https:\/\/www.planetinterimservices.ch\/pour-les-professionnels\/","url":"https:\/\/www.planetinterimservices.ch\/pour-les-professionnels\/","name":"Aziende, servizi di collocamento temporaneo e fisso | Planet Interim","isPartOf":{"@id":"https:\/\/www.planetinterimservices.ch\/#website"},"primaryImageOfPage":{"@id":"https:\/\/www.planetinterimservices.ch\/pour-les-professionnels\/#primaryimage"},"image":{"@id":"https:\/\/www.planetinterimservices.ch\/pour-les-professionnels\/#primaryimage"},"thumbnailUrl":"https:\/\/www.planetinterimservices.ch\/wp-content\/uploads\/2024\/11\/planet-interim-emplois-temporaires-et-fixes-en-suisse-4-1024x683.jpeg","datePublished":"2024-11-18T12:57:59+00:00","dateModified":"2025-11-21T09:08:25+00:00","description":"Planet Interim offre servizi alle aziende in Svizzera, tra cui collocamento temporaneo e permanente, gestione delle buste paga e subappalto.","breadcrumb":{"@id":"https:\/\/www.planetinterimservices.ch\/pour-les-professionnels\/#breadcrumb"},"inLanguage":"it-IT","potentialAction":[{"@type":"ReadAction","target":["https:\/\/www.planetinterimservices.ch\/pour-les-professionnels\/"]}]},{"@type":"ImageObject","inLanguage":"it-IT","@id":"https:\/\/www.planetinterimservices.ch\/pour-les-professionnels\/#primaryimage","url":"https:\/\/www.planetinterimservices.ch\/wp-content\/uploads\/2024\/11\/planet-interim-emplois-temporaires-et-fixes-en-suisse-4-1024x683.jpeg","contentUrl":"https:\/\/www.planetinterimservices.ch\/wp-content\/uploads\/2024\/11\/planet-interim-emplois-temporaires-et-fixes-en-suisse-4-1024x683.jpeg"},{"@type":"BreadcrumbList","@id":"https:\/\/www.planetinterimservices.ch\/pour-les-professionnels\/#breadcrumb","itemListElement":[{"@type":"ListItem","position":1,"name":"Accueil","item":"https:\/\/www.planetinterimservices.ch\/"},{"@type":"ListItem","position":2,"name":"Pour les professionnels"}]},{"@type":"WebSite","@id":"https:\/\/www.planetinterimservices.ch\/#website","url":"https:\/\/www.planetinterimservices.ch\/","name":"Planet Interim Services SA","description":"","publisher":{"@id":"https:\/\/www.planetinterimservices.ch\/#organization"},"potentialAction":[{"@type":"SearchAction","target":{"@type":"EntryPoint","urlTemplate":"https:\/\/www.planetinterimservices.ch\/?s={search_term_string}"},"query-input":{"@type":"PropertyValueSpecification","valueRequired":true,"valueName":"search_term_string"}}],"inLanguage":"it-IT"},{"@type":"Organization","@id":"https:\/\/www.planetinterimservices.ch\/#organization","name":"Planet Interim Services SA","url":"https:\/\/www.planetinterimservices.ch\/","logo":{"@type":"ImageObject","inLanguage":"it-IT","@id":"https:\/\/www.planetinterimservices.ch\/#\/schema\/logo\/image\/","url":"https:\/\/www.planetinterimservices.ch\/wp-content\/uploads\/2025\/11\/logo-horizontal-fond-blanc.svg","contentUrl":"https:\/\/www.planetinterimservices.ch\/wp-content\/uploads\/2025\/11\/logo-horizontal-fond-blanc.svg","width":695,"height":178,"caption":"Planet Interim Services SA"},"image":{"@id":"https:\/\/www.planetinterimservices.ch\/#\/schema\/logo\/image\/"}}]}},"_links":{"self":[{"href":"https:\/\/www.planetinterimservices.ch\/it\/wp-json\/wp\/v2\/pages\/491","targetHints":{"allow":["GET"]}}],"collection":[{"href":"https:\/\/www.planetinterimservices.ch\/it\/wp-json\/wp\/v2\/pages"}],"about":[{"href":"https:\/\/www.planetinterimservices.ch\/it\/wp-json\/wp\/v2\/types\/page"}],"author":[{"embeddable":true,"href":"https:\/\/www.planetinterimservices.ch\/it\/wp-json\/wp\/v2\/users\/3"}],"replies":[{"embeddable":true,"href":"https:\/\/www.planetinterimservices.ch\/it\/wp-json\/wp\/v2\/comments?post=491"}],"version-history":[{"count":52,"href":"https:\/\/www.planetinterimservices.ch\/it\/wp-json\/wp\/v2\/pages\/491\/revisions"}],"predecessor-version":[{"id":1941,"href":"https:\/\/www.planetinterimservices.ch\/it\/wp-json\/wp\/v2\/pages\/491\/revisions\/1941"}],"wp:attachment":[{"href":"https:\/\/www.planetinterimservices.ch\/it\/wp-json\/wp\/v2\/media?parent=491"}],"curies":[{"name":"wp","href":"https:\/\/api.w.org\/{rel}","templated":true}]}}