{"id":491,"date":"2024-11-18T13:57:59","date_gmt":"2024-11-18T12:57:59","guid":{"rendered":"https:\/\/www.planetinterimservices.ch\/?page_id=491"},"modified":"2025-11-21T10:08:25","modified_gmt":"2025-11-21T09:08:25","slug":"para-profissionais","status":"publish","type":"page","link":"https:\/\/www.planetinterimservices.ch\/pt\/pour-les-professionnels\/","title":{"rendered":"Para profissionais"},"content":{"rendered":"<div data-elementor-type=\"wp-page\" data-elementor-id=\"491\" class=\"elementor elementor-491\" data-elementor-post-type=\"page\">\n\t\t\t\t<div class=\"elementor-element elementor-element-6fb1b10 e-flex e-con-boxed e-con e-parent\" data-id=\"6fb1b10\" data-element_type=\"container\" data-e-type=\"container\" data-settings=\"{&quot;background_background&quot;:&quot;classic&quot;}\">\n\t\t\t\t\t<div class=\"e-con-inner\">\n\t\t<div class=\"elementor-element elementor-element-33e827d e-con-full e-flex e-con e-child\" data-id=\"33e827d\" data-element_type=\"container\" data-e-type=\"container\">\n\t\t\t\t<div class=\"elementor-element elementor-element-83c417f elementor-widget elementor-widget-heading\" data-id=\"83c417f\" data-element_type=\"widget\" data-e-type=\"widget\" data-widget_type=\"heading.default\">\n\t\t\t\t<div class=\"elementor-widget-container\">\n\t\t\t\t\t<h1 class=\"elementor-heading-title elementor-size-default\">Servi\u00e7os para empresas<br>Recrutamento tempor\u00e1rio e permanente na Su\u00ed\u00e7a\n<\/h1>\t\t\t\t<\/div>\n\t\t\t\t<\/div>\n\t\t\t\t<div class=\"elementor-element elementor-element-9bb0c45 elementor-widget elementor-widget-text-editor\" data-id=\"9bb0c45\" data-element_type=\"widget\" data-e-type=\"widget\" data-widget_type=\"text-editor.default\">\n\t\t\t\t<div class=\"elementor-widget-container\">\n\t\t\t\t\t\t\t\t\t<p>Na Planet Interim Services, oferecemos solu\u00e7\u00f5es personalizadas para empresas. A nossa equipa identifica e seleciona os melhores talentos para responder \u00e0s suas necessidades de forma r\u00e1pida e eficaz. Quer pretenda contratar para um per\u00edodo curto ou para um cargo permanente, acompanhamos o seu processo do in\u00edcio ao fim.\u00a0<\/p>\t\t\t\t\t\t\t\t<\/div>\n\t\t\t\t<\/div>\n\t\t\t\t<div class=\"elementor-element elementor-element-c7ccb9b elementor-widget elementor-widget-button\" data-id=\"c7ccb9b\" data-element_type=\"widget\" data-e-type=\"widget\" data-widget_type=\"button.default\">\n\t\t\t\t<div class=\"elementor-widget-container\">\n\t\t\t\t\t\t\t\t\t<div class=\"elementor-button-wrapper\">\n\t\t\t\t\t<a class=\"elementor-button elementor-button-link elementor-size-sm\" href=\"https:\/\/www.planetinterimservices.ch\/pt\/contact\/\">\n\t\t\t\t\t\t<span class=\"elementor-button-content-wrapper\">\n\t\t\t\t\t\t\t\t\t<span class=\"elementor-button-text\">Contactar-nos<\/span>\n\t\t\t\t\t<\/span>\n\t\t\t\t\t<\/a>\n\t\t\t\t<\/div>\n\t\t\t\t\t\t\t\t<\/div>\n\t\t\t\t<\/div>\n\t\t\t\t<\/div>\n\t\t\t\t\t<\/div>\n\t\t\t\t<\/div>\n\t\t<div class=\"elementor-element elementor-element-4a92027 e-flex e-con-boxed e-con e-parent\" data-id=\"4a92027\" data-element_type=\"container\" data-e-type=\"container\">\n\t\t\t\t\t<div class=\"e-con-inner\">\n\t\t\t\t<div class=\"elementor-element elementor-element-5fd5c52 elementor-widget elementor-widget-heading\" data-id=\"5fd5c52\" data-element_type=\"widget\" data-e-type=\"widget\" data-widget_type=\"heading.default\">\n\t\t\t\t<div class=\"elementor-widget-container\">\n\t\t\t\t\t<h2 class=\"elementor-heading-title elementor-size-default\">Ag\u00eancia de coloca\u00e7\u00e3o fixa e tempor\u00e1ria\n<\/h2>\t\t\t\t<\/div>\n\t\t\t\t<\/div>\n\t\t\t\t<div class=\"elementor-element elementor-element-151ca60 elementor-widget-divider--view-line elementor-widget elementor-widget-divider\" data-id=\"151ca60\" data-element_type=\"widget\" data-e-type=\"widget\" data-widget_type=\"divider.default\">\n\t\t\t\t<div class=\"elementor-widget-container\">\n\t\t\t\t\t\t\t<div class=\"elementor-divider\">\n\t\t\t<span class=\"elementor-divider-separator\">\n\t\t\t\t\t\t<\/span>\n\t\t<\/div>\n\t\t\t\t\t\t<\/div>\n\t\t\t\t<\/div>\n\t\t\t\t<div class=\"elementor-element elementor-element-d059f53 elementor-widget__width-initial elementor-widget elementor-widget-text-editor\" data-id=\"d059f53\" data-element_type=\"widget\" data-e-type=\"widget\" data-widget_type=\"text-editor.default\">\n\t\t\t\t<div class=\"elementor-widget-container\">\n\t\t\t\t\t\t\t\t\t<p>O nosso processo de recrutamento foi concebido para garantir uma correspond\u00eancia perfeita entre as compet\u00eancias dos candidatos e as necessidades das empresas. Acompanhamos cada cliente e cada candidato com um acompanhamento personalizado e rigoroso.<\/p>\t\t\t\t\t\t\t\t<\/div>\n\t\t\t\t<\/div>\n\t\t<div class=\"elementor-element elementor-element-982e7af e-con-full e-flex e-con e-child\" data-id=\"982e7af\" data-element_type=\"container\" data-e-type=\"container\">\n\t\t<div class=\"elementor-element elementor-element-ecf1c33 e-con-full e-flex e-con e-child\" data-id=\"ecf1c33\" data-element_type=\"container\" data-e-type=\"container\" data-settings=\"{&quot;background_background&quot;:&quot;classic&quot;}\">\n\t\t\t\t<div class=\"elementor-element elementor-element-698f2d0 elementor-widget elementor-widget-heading\" data-id=\"698f2d0\" data-element_type=\"widget\" data-e-type=\"widget\" data-widget_type=\"heading.default\">\n\t\t\t\t<div class=\"elementor-widget-container\">\n\t\t\t\t\t<h3 class=\"elementor-heading-title elementor-size-default\">An\u00e1lise do processo do candidato\n<\/h3>\t\t\t\t<\/div>\n\t\t\t\t<\/div>\n\t\t\t\t<div class=\"elementor-element elementor-element-016df8d elementor-widget elementor-widget-text-editor\" data-id=\"016df8d\" data-element_type=\"widget\" data-e-type=\"widget\" data-widget_type=\"text-editor.default\">\n\t\t\t\t<div class=\"elementor-widget-container\">\n\t\t\t\t\t\t\t\t\t<p>O nosso recrutamento come\u00e7a com uma <strong>an\u00e1lise minuciosa de cada processo que recebemos<\/strong>. Cada candidato \u00e9 recebido em entrevista para avaliar as suas compet\u00eancias, qualidades e personalidade. Este encontro permite-nos compreender as aspira\u00e7\u00f5es de cada indiv\u00edduo e definir objetivos profissionais precisos.<\/p>\t\t\t\t\t\t\t\t<\/div>\n\t\t\t\t<\/div>\n\t\t\t\t<\/div>\n\t\t<div class=\"elementor-element elementor-element-a7b742e e-con-full e-flex e-con e-child\" data-id=\"a7b742e\" data-element_type=\"container\" data-e-type=\"container\" data-settings=\"{&quot;background_background&quot;:&quot;classic&quot;}\">\n\t\t\t\t<div class=\"elementor-element elementor-element-430b9a7 elementor-widget elementor-widget-heading\" data-id=\"430b9a7\" data-element_type=\"widget\" data-e-type=\"widget\" data-widget_type=\"heading.default\">\n\t\t\t\t<div class=\"elementor-widget-container\">\n\t\t\t\t\t<h3 class=\"elementor-heading-title elementor-size-default\">Estabelecimento do perfil\n<\/h3>\t\t\t\t<\/div>\n\t\t\t\t<\/div>\n\t\t\t\t<div class=\"elementor-element elementor-element-ed8e06e elementor-widget elementor-widget-text-editor\" data-id=\"ed8e06e\" data-element_type=\"widget\" data-e-type=\"widget\" data-widget_type=\"text-editor.default\">\n\t\t\t\t<div class=\"elementor-widget-container\">\n\t\t\t\t\t\t\t\t\t<p>Sempre que poss\u00edvel, realizamos <strong>verifica\u00e7\u00e3o de refer\u00eancias junto a antigos empregadores<\/strong> para validar a experi\u00eancia e as compet\u00eancias do candidato. Em seguida, <strong>criamos um perfil detalhado<\/strong> que apresentamos \u00e0s empresas interessadas, garantindo uma correspond\u00eancia ideal entre as expectativas dos nossos clientes e as qualidades dos candidatos.<\/p>\t\t\t\t\t\t\t\t<\/div>\n\t\t\t\t<\/div>\n\t\t\t\t<\/div>\n\t\t<div class=\"elementor-element elementor-element-af4bf5e e-con-full e-flex e-con e-child\" data-id=\"af4bf5e\" data-element_type=\"container\" data-e-type=\"container\" data-settings=\"{&quot;background_background&quot;:&quot;classic&quot;}\">\n\t\t\t\t<div class=\"elementor-element elementor-element-c33fc58 elementor-widget elementor-widget-heading\" data-id=\"c33fc58\" data-element_type=\"widget\" data-e-type=\"widget\" data-widget_type=\"heading.default\">\n\t\t\t\t<div class=\"elementor-widget-container\">\n\t\t\t\t\t<h3 class=\"elementor-heading-title elementor-size-default\">Acordo e finaliza\u00e7\u00e3o \n<\/h3>\t\t\t\t<\/div>\n\t\t\t\t<\/div>\n\t\t\t\t<div class=\"elementor-element elementor-element-0ac432c elementor-widget elementor-widget-text-editor\" data-id=\"0ac432c\" data-element_type=\"widget\" data-e-type=\"widget\" data-widget_type=\"text-editor.default\">\n\t\t\t\t<div class=\"elementor-widget-container\">\n\t\t\t\t\t\t\t\t\t<p>Quando a empresa estiver pronta para contratar o candidato, n\u00f3s cuidamos de todas as formalidades administrativas, incluindo a <strong>prepara\u00e7\u00e3o do contrato e fornecimento do equipamento de seguran\u00e7a<\/strong> necess\u00e1rio para o cargo. Em muitos casos, acompanhamos o colaborador ao seu local de trabalho no primeiro dia, para garantir uma integra\u00e7\u00e3o tranquila e tranquilizadora.<\/p>\t\t\t\t\t\t\t\t<\/div>\n\t\t\t\t<\/div>\n\t\t\t\t<\/div>\n\t\t<div class=\"elementor-element elementor-element-43e2a8f e-con-full e-flex e-con e-child\" data-id=\"43e2a8f\" data-element_type=\"container\" data-e-type=\"container\" data-settings=\"{&quot;background_background&quot;:&quot;classic&quot;}\">\n\t\t\t\t<div class=\"elementor-element elementor-element-2f9990e elementor-widget elementor-widget-heading\" data-id=\"2f9990e\" data-element_type=\"widget\" data-e-type=\"widget\" data-widget_type=\"heading.default\">\n\t\t\t\t<div class=\"elementor-widget-container\">\n\t\t\t\t\t<h3 class=\"elementor-heading-title elementor-size-default\">Acompanhamento e gest\u00e3o do tempor\u00e1rio\n<\/h3>\t\t\t\t<\/div>\n\t\t\t\t<\/div>\n\t\t\t\t<div class=\"elementor-element elementor-element-1120124 elementor-widget elementor-widget-text-editor\" data-id=\"1120124\" data-element_type=\"widget\" data-e-type=\"widget\" data-widget_type=\"text-editor.default\">\n\t\t\t\t<div class=\"elementor-widget-container\">\n\t\t\t\t\t\t\t\t\t<p>Para os <strong data-start=\"778\" data-end=\"802\">trabalhadores tempor\u00e1rios<\/strong>, estabelecemos um <strong data-start=\"824\" data-end=\"864\">sistema de acompanhamento preciso e rigoroso<\/strong>. Cada colaborador tempor\u00e1rio recebe <strong data-start=\"909\" data-end=\"929\">registos de horas<\/strong> e envelopes pr\u00e9-franqueados para nos devolver os seus relat\u00f3rios semanais, assinados pela empresa e por ele pr\u00f3prio. Com base nisso, preparamos a <strong data-start=\"1081\" data-end=\"1098\">folha de pagamento<\/strong> e estabelecemos a <strong data-start=\"1117\" data-end=\"1143\">fatura para o cliente<\/strong>.<br data-start=\"1144\" data-end=\"1147\" \/>Se necess\u00e1rio, ajudamos o colaborador nas seguintes situa\u00e7\u00f5es: <strong data-start=\"1208\" data-end=\"1237\">procedimentos administrativos<\/strong>, como a prepara\u00e7\u00e3o de documentos para o <strong data-start=\"1281\" data-end=\"1292\" data-is-only-node=\"\">desemprego<\/strong> ou os pedidos de <strong data-start=\"1312\" data-end=\"1333\">autoriza\u00e7\u00e3o de trabalho<\/strong>.<br data-start=\"1334\" data-end=\"1337\" \/>Tamb\u00e9m oferecemos uma <strong data-start=\"1366\" data-end=\"1395\">assist\u00eancia administrativa<\/strong> e dos <strong data-start=\"1403\" data-end=\"1441\">conselhos sobre a legisla\u00e7\u00e3o su\u00ed\u00e7a<\/strong> (<strong data-start=\"1443\" data-end=\"1453\">licen\u00e7a<\/strong>, <strong data-start=\"1455\" data-end=\"1462\">CCT<\/strong>, <strong data-start=\"1464\" data-end=\"1476\">seguran\u00e7a<\/strong>, etc.) para garantir uma conformidade ideal.<\/p>\t\t\t\t\t\t\t\t<\/div>\n\t\t\t\t<\/div>\n\t\t\t\t<\/div>\n\t\t\t\t<\/div>\n\t\t\t\t\t<\/div>\n\t\t\t\t<\/div>\n\t\t<div class=\"elementor-element elementor-element-55ad981 e-flex e-con-boxed e-con e-parent\" data-id=\"55ad981\" data-element_type=\"container\" data-e-type=\"container\" data-settings=\"{&quot;background_background&quot;:&quot;classic&quot;}\">\n\t\t\t\t\t<div class=\"e-con-inner\">\n\t\t<div class=\"elementor-element elementor-element-15e3bc2 e-con-full e-flex e-con e-child\" data-id=\"15e3bc2\" data-element_type=\"container\" data-e-type=\"container\">\n\t\t\t\t<div class=\"elementor-element elementor-element-90ed33a elementor-widget elementor-widget-heading\" data-id=\"90ed33a\" data-element_type=\"widget\" data-e-type=\"widget\" data-widget_type=\"heading.default\">\n\t\t\t\t<div class=\"elementor-widget-container\">\n\t\t\t\t\t<h2 class=\"elementor-heading-title elementor-size-default\">Gest\u00e3o dos sal\u00e1rios\n<\/h2>\t\t\t\t<\/div>\n\t\t\t\t<\/div>\n\t\t\t\t<div class=\"elementor-element elementor-element-a1c8924 elementor-widget-divider--view-line elementor-widget elementor-widget-divider\" data-id=\"a1c8924\" data-element_type=\"widget\" data-e-type=\"widget\" data-widget_type=\"divider.default\">\n\t\t\t\t<div class=\"elementor-widget-container\">\n\t\t\t\t\t\t\t<div class=\"elementor-divider\">\n\t\t\t<span class=\"elementor-divider-separator\">\n\t\t\t\t\t\t<\/span>\n\t\t<\/div>\n\t\t\t\t\t\t<\/div>\n\t\t\t\t<\/div>\n\t\t\t\t<div class=\"elementor-element elementor-element-9c2c975 elementor-widget elementor-widget-text-editor\" data-id=\"9c2c975\" data-element_type=\"widget\" data-e-type=\"widget\" data-widget_type=\"text-editor.default\">\n\t\t\t\t<div class=\"elementor-widget-container\">\n\t\t\t\t\t\t\t\t\t<p>Delegue a gest\u00e3o dos seus sal\u00e1rios para aliviar as suas tarefas administrativas e ganhar tempo para as suas atividades principais. <strong>Oferecemos um servi\u00e7o completo de processamento de sal\u00e1rios<\/strong> para que possa concentrar-se no desenvolvimento da sua empresa, assumindo todas as obriga\u00e7\u00f5es legais e administrativas relacionadas com a gest\u00e3o dos sal\u00e1rios.<\/p>\t\t\t\t\t\t\t\t<\/div>\n\t\t\t\t<\/div>\n\t\t\t\t<div class=\"elementor-element elementor-element-f321834 elementor-widget elementor-widget-button\" data-id=\"f321834\" data-element_type=\"widget\" data-e-type=\"widget\" data-widget_type=\"button.default\">\n\t\t\t\t<div class=\"elementor-widget-container\">\n\t\t\t\t\t\t\t\t\t<div class=\"elementor-button-wrapper\">\n\t\t\t\t\t<a class=\"elementor-button elementor-button-link elementor-size-sm\" href=\"https:\/\/www.planetinterimservices.ch\/pt\/contact\/\">\n\t\t\t\t\t\t<span class=\"elementor-button-content-wrapper\">\n\t\t\t\t\t\t\t\t\t<span class=\"elementor-button-text\">Contactar-nos<\/span>\n\t\t\t\t\t<\/span>\n\t\t\t\t\t<\/a>\n\t\t\t\t<\/div>\n\t\t\t\t\t\t\t\t<\/div>\n\t\t\t\t<\/div>\n\t\t\t\t<\/div>\n\t\t<div class=\"elementor-element elementor-element-be59470 e-con-full e-flex e-con e-child\" data-id=\"be59470\" data-element_type=\"container\" data-e-type=\"container\">\n\t\t\t\t<div class=\"elementor-element elementor-element-5fad582 elementor-widget elementor-widget-image\" data-id=\"5fad582\" data-element_type=\"widget\" data-e-type=\"widget\" data-widget_type=\"image.default\">\n\t\t\t\t<div class=\"elementor-widget-container\">\n\t\t\t\t\t\t\t\t\t\t\t\t\t\t\t<img fetchpriority=\"high\" decoding=\"async\" width=\"800\" height=\"534\" src=\"https:\/\/www.planetinterimservices.ch\/wp-content\/uploads\/2024\/11\/planet-interim-emplois-temporaires-et-fixes-en-suisse-4-1024x683.jpeg\" class=\"attachment-large size-large wp-image-602\" alt=\"\" srcset=\"https:\/\/www.planetinterimservices.ch\/wp-content\/uploads\/2024\/11\/planet-interim-emplois-temporaires-et-fixes-en-suisse-4-1024x683.jpeg 1024w, https:\/\/www.planetinterimservices.ch\/wp-content\/uploads\/2024\/11\/planet-interim-emplois-temporaires-et-fixes-en-suisse-4-300x200.jpeg 300w, https:\/\/www.planetinterimservices.ch\/wp-content\/uploads\/2024\/11\/planet-interim-emplois-temporaires-et-fixes-en-suisse-4-768x512.jpeg 768w, https:\/\/www.planetinterimservices.ch\/wp-content\/uploads\/2024\/11\/planet-interim-emplois-temporaires-et-fixes-en-suisse-4.jpeg 1500w\" sizes=\"(max-width: 800px) 100vw, 800px\" \/>\t\t\t\t\t\t\t\t\t\t\t\t\t\t\t<\/div>\n\t\t\t\t<\/div>\n\t\t\t\t<\/div>\n\t\t\t\t\t<\/div>\n\t\t\t\t<\/div>\n\t\t<div class=\"elementor-element elementor-element-372a5dd e-flex e-con-boxed e-con e-parent\" data-id=\"372a5dd\" data-element_type=\"container\" data-e-type=\"container\" data-settings=\"{&quot;background_background&quot;:&quot;classic&quot;}\">\n\t\t\t\t\t<div class=\"e-con-inner\">\n\t\t<div class=\"elementor-element elementor-element-91741c2 e-con-full e-flex e-con e-child\" data-id=\"91741c2\" data-element_type=\"container\" data-e-type=\"container\">\n\t\t\t\t<div class=\"elementor-element elementor-element-13bd936 elementor-widget elementor-widget-heading\" data-id=\"13bd936\" data-element_type=\"widget\" data-e-type=\"widget\" data-widget_type=\"heading.default\">\n\t\t\t\t<div class=\"elementor-widget-container\">\n\t\t\t\t\t<h2 class=\"elementor-heading-title elementor-size-default\">Experimente e contrate\n<\/h2>\t\t\t\t<\/div>\n\t\t\t\t<\/div>\n\t\t\t\t<div class=\"elementor-element elementor-element-60ea6bc elementor-widget-divider--view-line elementor-widget elementor-widget-divider\" data-id=\"60ea6bc\" data-element_type=\"widget\" data-e-type=\"widget\" data-widget_type=\"divider.default\">\n\t\t\t\t<div class=\"elementor-widget-container\">\n\t\t\t\t\t\t\t<div class=\"elementor-divider\">\n\t\t\t<span class=\"elementor-divider-separator\">\n\t\t\t\t\t\t<\/span>\n\t\t<\/div>\n\t\t\t\t\t\t<\/div>\n\t\t\t\t<\/div>\n\t\t\t\t<div class=\"elementor-element elementor-element-f5ab2f0 elementor-widget elementor-widget-text-editor\" data-id=\"f5ab2f0\" data-element_type=\"widget\" data-e-type=\"widget\" data-widget_type=\"text-editor.default\">\n\t\t\t\t<div class=\"elementor-widget-container\">\n\t\t\t\t\t\t\t\t\t<p>Nosso <strong>solu\u00e7\u00e3o Try &amp; Hire<\/strong> permite testar as compet\u00eancias de um colaborador tempor\u00e1rio antes de o contratar de forma permanente. Esta f\u00f3rmula oferece uma flexibilidade valiosa para as empresas que desejam garantir a adequa\u00e7\u00e3o de um funcion\u00e1rio \u00e0 sua cultura empresarial antes de um compromisso a longo prazo.<\/p>\t\t\t\t\t\t\t\t<\/div>\n\t\t\t\t<\/div>\n\t\t\t\t<div class=\"elementor-element elementor-element-3bb5355 elementor-widget elementor-widget-button\" data-id=\"3bb5355\" data-element_type=\"widget\" data-e-type=\"widget\" data-widget_type=\"button.default\">\n\t\t\t\t<div class=\"elementor-widget-container\">\n\t\t\t\t\t\t\t\t\t<div class=\"elementor-button-wrapper\">\n\t\t\t\t\t<a class=\"elementor-button elementor-button-link elementor-size-sm\" href=\"https:\/\/www.planetinterimservices.ch\/pt\/contact\/\">\n\t\t\t\t\t\t<span class=\"elementor-button-content-wrapper\">\n\t\t\t\t\t\t\t\t\t<span class=\"elementor-button-text\">Contactar-nos<\/span>\n\t\t\t\t\t<\/span>\n\t\t\t\t\t<\/a>\n\t\t\t\t<\/div>\n\t\t\t\t\t\t\t\t<\/div>\n\t\t\t\t<\/div>\n\t\t\t\t<\/div>\n\t\t<div class=\"elementor-element elementor-element-87645a9 e-con-full e-flex e-con e-child\" data-id=\"87645a9\" data-element_type=\"container\" data-e-type=\"container\">\n\t\t\t\t<div class=\"elementor-element elementor-element-782b878 elementor-widget elementor-widget-image\" data-id=\"782b878\" data-element_type=\"widget\" data-e-type=\"widget\" data-widget_type=\"image.default\">\n\t\t\t\t<div class=\"elementor-widget-container\">\n\t\t\t\t\t\t\t\t\t\t\t\t\t\t\t<img decoding=\"async\" width=\"800\" height=\"534\" src=\"https:\/\/www.planetinterimservices.ch\/wp-content\/uploads\/2025\/10\/planet-interim-emplois-temporaires-et-fixes-en-suisse-try-hire.jpg\" class=\"attachment-large size-large wp-image-1760\" alt=\"\" srcset=\"https:\/\/www.planetinterimservices.ch\/wp-content\/uploads\/2025\/10\/planet-interim-emplois-temporaires-et-fixes-en-suisse-try-hire.jpg 1024w, https:\/\/www.planetinterimservices.ch\/wp-content\/uploads\/2025\/10\/planet-interim-emplois-temporaires-et-fixes-en-suisse-try-hire-300x200.jpg 300w, https:\/\/www.planetinterimservices.ch\/wp-content\/uploads\/2025\/10\/planet-interim-emplois-temporaires-et-fixes-en-suisse-try-hire-768x512.jpg 768w, https:\/\/www.planetinterimservices.ch\/wp-content\/uploads\/2025\/10\/planet-interim-emplois-temporaires-et-fixes-en-suisse-try-hire-18x12.jpg 18w\" sizes=\"(max-width: 800px) 100vw, 800px\" \/>\t\t\t\t\t\t\t\t\t\t\t\t\t\t\t<\/div>\n\t\t\t\t<\/div>\n\t\t\t\t<\/div>\n\t\t\t\t\t<\/div>\n\t\t\t\t<\/div>\n\t\t<div class=\"elementor-element elementor-element-d2f9694 e-flex e-con-boxed e-con e-parent\" data-id=\"d2f9694\" data-element_type=\"container\" data-e-type=\"container\" data-settings=\"{&quot;background_background&quot;:&quot;classic&quot;}\">\n\t\t\t\t\t<div class=\"e-con-inner\">\n\t\t<div class=\"elementor-element elementor-element-c694d01 e-con-full e-flex e-con e-child\" data-id=\"c694d01\" data-element_type=\"container\" data-e-type=\"container\">\n\t\t\t\t<div class=\"elementor-element elementor-element-6c7e44f elementor-widget elementor-widget-heading\" data-id=\"6c7e44f\" data-element_type=\"widget\" data-e-type=\"widget\" data-widget_type=\"heading.default\">\n\t\t\t\t<div class=\"elementor-widget-container\">\n\t\t\t\t\t<h2 class=\"elementor-heading-title elementor-size-default\">Solu\u00e7\u00f5es diversificadas de RH\n<\/h2>\t\t\t\t<\/div>\n\t\t\t\t<\/div>\n\t\t\t\t<div class=\"elementor-element elementor-element-6cb1fd8 elementor-widget-divider--view-line elementor-widget elementor-widget-divider\" data-id=\"6cb1fd8\" data-element_type=\"widget\" data-e-type=\"widget\" data-widget_type=\"divider.default\">\n\t\t\t\t<div class=\"elementor-widget-container\">\n\t\t\t\t\t\t\t<div class=\"elementor-divider\">\n\t\t\t<span class=\"elementor-divider-separator\">\n\t\t\t\t\t\t<\/span>\n\t\t<\/div>\n\t\t\t\t\t\t<\/div>\n\t\t\t\t<\/div>\n\t\t\t\t<div class=\"elementor-element elementor-element-8728cd0 elementor-widget elementor-widget-text-editor\" data-id=\"8728cd0\" data-element_type=\"widget\" data-e-type=\"widget\" data-widget_type=\"text-editor.default\">\n\t\t\t\t<div class=\"elementor-widget-container\">\n\t\t\t\t\t\t\t\t\t<p>Na Planet Interim Services, sabemos que cada empresa tem necessidades espec\u00edficas em mat\u00e9ria de recursos humanos. \u00c9 por isso que oferecemos solu\u00e7\u00f5es de RH personalizadas, incluindo:<\/p><ul><li><strong>Terceiriza\u00e7\u00e3o<\/strong> : externalize algumas fun\u00e7\u00f5es de RH para se concentrar no seu neg\u00f3cio principal.<\/li><li><strong>Recrutamento personalizado<\/strong> : selecionamos os candidatos que correspondem aos seus requisitos e organizamos as entrevistas de sele\u00e7\u00e3o.<\/li><li><strong>Divulga\u00e7\u00e3o de an\u00fancios<\/strong> : n\u00f3s nos encarregamos da publica\u00e7\u00e3o e gest\u00e3o das suas ofertas de emprego para maximizar a visibilidade e atrair talentos qualificados.<\/li><\/ul>\t\t\t\t\t\t\t\t<\/div>\n\t\t\t\t<\/div>\n\t\t\t\t<div class=\"elementor-element elementor-element-4caccf4 elementor-widget elementor-widget-button\" data-id=\"4caccf4\" data-element_type=\"widget\" data-e-type=\"widget\" data-widget_type=\"button.default\">\n\t\t\t\t<div class=\"elementor-widget-container\">\n\t\t\t\t\t\t\t\t\t<div class=\"elementor-button-wrapper\">\n\t\t\t\t\t<a class=\"elementor-button elementor-button-link elementor-size-sm\" href=\"https:\/\/www.planetinterimservices.ch\/pt\/contact\/\">\n\t\t\t\t\t\t<span class=\"elementor-button-content-wrapper\">\n\t\t\t\t\t\t\t\t\t<span class=\"elementor-button-text\">Contactar-nos<\/span>\n\t\t\t\t\t<\/span>\n\t\t\t\t\t<\/a>\n\t\t\t\t<\/div>\n\t\t\t\t\t\t\t\t<\/div>\n\t\t\t\t<\/div>\n\t\t\t\t<\/div>\n\t\t<div class=\"elementor-element elementor-element-f776e47 e-con-full e-flex e-con e-child\" data-id=\"f776e47\" data-element_type=\"container\" data-e-type=\"container\">\n\t\t\t\t<div class=\"elementor-element elementor-element-867ada7 elementor-widget elementor-widget-image\" data-id=\"867ada7\" data-element_type=\"widget\" data-e-type=\"widget\" data-widget_type=\"image.default\">\n\t\t\t\t<div class=\"elementor-widget-container\">\n\t\t\t\t\t\t\t\t\t\t\t\t\t\t\t<img decoding=\"async\" width=\"800\" height=\"534\" src=\"https:\/\/www.planetinterimservices.ch\/wp-content\/uploads\/2024\/11\/planet-interim-emplois-temporaires-et-fixes-en-suisse-7-1024x683.jpeg\" class=\"attachment-large size-large wp-image-601\" alt=\"\" srcset=\"https:\/\/www.planetinterimservices.ch\/wp-content\/uploads\/2024\/11\/planet-interim-emplois-temporaires-et-fixes-en-suisse-7-1024x683.jpeg 1024w, https:\/\/www.planetinterimservices.ch\/wp-content\/uploads\/2024\/11\/planet-interim-emplois-temporaires-et-fixes-en-suisse-7-300x200.jpeg 300w, https:\/\/www.planetinterimservices.ch\/wp-content\/uploads\/2024\/11\/planet-interim-emplois-temporaires-et-fixes-en-suisse-7-768x512.jpeg 768w, https:\/\/www.planetinterimservices.ch\/wp-content\/uploads\/2024\/11\/planet-interim-emplois-temporaires-et-fixes-en-suisse-7.jpeg 1500w\" sizes=\"(max-width: 800px) 100vw, 800px\" \/>\t\t\t\t\t\t\t\t\t\t\t\t\t\t\t<\/div>\n\t\t\t\t<\/div>\n\t\t\t\t<\/div>\n\t\t\t\t\t<\/div>\n\t\t\t\t<\/div>\n\t\t<div class=\"elementor-element elementor-element-b0b4c0f elementor-hidden-desktop elementor-hidden-tablet elementor-hidden-mobile e-flex e-con-boxed e-con e-parent\" data-id=\"b0b4c0f\" data-element_type=\"container\" data-e-type=\"container\" data-settings=\"{&quot;background_background&quot;:&quot;classic&quot;}\">\n\t\t\t\t\t<div class=\"e-con-inner\">\n\t\t<div class=\"elementor-element elementor-element-89b9a98 e-con-full e-flex e-con e-child\" data-id=\"89b9a98\" data-element_type=\"container\" data-e-type=\"container\">\n\t\t\t\t<div class=\"elementor-element elementor-element-6b4070a elementor-widget elementor-widget-heading\" data-id=\"6b4070a\" data-element_type=\"widget\" data-e-type=\"widget\" data-widget_type=\"heading.default\">\n\t\t\t\t<div class=\"elementor-widget-container\">\n\t\t\t\t\t<h2 class=\"elementor-heading-title elementor-size-default\">Easyplanet, solu\u00e7\u00e3o de gest\u00e3o simplificada\n<\/h2>\t\t\t\t<\/div>\n\t\t\t\t<\/div>\n\t\t\t\t<div class=\"elementor-element elementor-element-d80e7c7 elementor-widget-divider--view-line elementor-widget elementor-widget-divider\" data-id=\"d80e7c7\" data-element_type=\"widget\" data-e-type=\"widget\" data-widget_type=\"divider.default\">\n\t\t\t\t<div class=\"elementor-widget-container\">\n\t\t\t\t\t\t\t<div class=\"elementor-divider\">\n\t\t\t<span class=\"elementor-divider-separator\">\n\t\t\t\t\t\t<\/span>\n\t\t<\/div>\n\t\t\t\t\t\t<\/div>\n\t\t\t\t<\/div>\n\t\t\t\t<div class=\"elementor-element elementor-element-7f725b9 elementor-widget elementor-widget-text-editor\" data-id=\"7f725b9\" data-element_type=\"widget\" data-e-type=\"widget\" data-widget_type=\"text-editor.default\">\n\t\t\t\t<div class=\"elementor-widget-container\">\n\t\t\t\t\t\t\t\t\t<p>Easyplanet \u00e9 um programa inform\u00e1tico inovador que facilita o processamento das horas para a empresa, para a ag\u00eancia e para os colaboradores.<br \/>As vantagens s\u00e3o:<\/p><ul><li>Entrada simplificada e f\u00e1cil de usar<\/li><li>Processamento de horas em tempo real<\/li><li>Visibilidade simplificada para as tr\u00eas partes<\/li><li>Alter\u00e1vel a qualquer momento com um clique<\/li><li>Ecol\u00f3gico e facilmente acess\u00edvel<\/li><\/ul>\t\t\t\t\t\t\t\t<\/div>\n\t\t\t\t<\/div>\n\t\t\t\t<div class=\"elementor-element elementor-element-c02eb6c elementor-widget elementor-widget-button\" data-id=\"c02eb6c\" data-element_type=\"widget\" data-e-type=\"widget\" data-widget_type=\"button.default\">\n\t\t\t\t<div class=\"elementor-widget-container\">\n\t\t\t\t\t\t\t\t\t<div class=\"elementor-button-wrapper\">\n\t\t\t\t\t<a class=\"elementor-button elementor-button-link elementor-size-sm\" href=\"https:\/\/www.planetinterimservices.ch\/pt\/contact\/\">\n\t\t\t\t\t\t<span class=\"elementor-button-content-wrapper\">\n\t\t\t\t\t\t\t\t\t<span class=\"elementor-button-text\">Contactar-nos<\/span>\n\t\t\t\t\t<\/span>\n\t\t\t\t\t<\/a>\n\t\t\t\t<\/div>\n\t\t\t\t\t\t\t\t<\/div>\n\t\t\t\t<\/div>\n\t\t\t\t<\/div>\n\t\t<div class=\"elementor-element elementor-element-8b635a6 e-con-full e-flex e-con e-child\" data-id=\"8b635a6\" data-element_type=\"container\" data-e-type=\"container\">\n\t\t\t\t<div class=\"elementor-element elementor-element-316940f elementor-widget elementor-widget-image\" data-id=\"316940f\" data-element_type=\"widget\" data-e-type=\"widget\" data-widget_type=\"image.default\">\n\t\t\t\t<div class=\"elementor-widget-container\">\n\t\t\t\t\t\t\t\t\t\t\t\t\t\t\t<img decoding=\"async\" src=\"https:\/\/www.planetinterimservices.ch\/wp-content\/plugins\/elementor\/assets\/images\/placeholder.png\" title=\"\" alt=\"\" loading=\"lazy\" \/>\t\t\t\t\t\t\t\t\t\t\t\t\t\t\t<\/div>\n\t\t\t\t<\/div>\n\t\t\t\t<\/div>\n\t\t\t\t\t<\/div>\n\t\t\t\t<\/div>\n\t\t\t\t<\/div>","protected":false},"excerpt":{"rendered":"<p>Services pour les entreprisesRecrutement temporaire et fixe en Suisse Chez Planet Interim Services, nous offrons des solutions sur mesure pour les entreprises. Notre \u00e9quipe identifie et s\u00e9lectionne les meilleurs talents pour r\u00e9pondre \u00e0 vos besoins de mani\u00e8re rapide et efficace. Que vous cherchiez \u00e0 embaucher pour une courte dur\u00e9e ou un poste fixe, nous vous [&hellip;]<\/p>\n","protected":false},"author":3,"featured_media":0,"parent":0,"menu_order":0,"comment_status":"closed","ping_status":"closed","template":"elementor_header_footer","meta":{"footnotes":""},"class_list":["post-491","page","type-page","status-publish","hentry"],"yoast_head":"<!-- This site is optimized with the Yoast SEO plugin v28.1 - https:\/\/yoast.com\/product\/yoast-seo-wordpress\/ -->\n<title>Entreprises, services de placement temporaire et fixe | Planet Interim<\/title>\n<meta name=\"description\" content=\"Planet Interim propose des services pour les entreprises en Suisse, y compris le placement temporaire et fixe, la gestion de payroll et la sous-traitance.\" \/>\n<meta name=\"robots\" content=\"index, follow, max-snippet:-1, max-image-preview:large, max-video-preview:-1\" \/>\n<link rel=\"canonical\" href=\"https:\/\/www.planetinterimservices.ch\/pt\/para-profissionais\/\" \/>\n<meta property=\"og:locale\" content=\"pt_PT\" \/>\n<meta property=\"og:type\" content=\"article\" \/>\n<meta property=\"og:title\" content=\"Entreprises, services de placement temporaire et fixe | Planet Interim\" \/>\n<meta property=\"og:description\" content=\"Planet Interim propose des services pour les entreprises en Suisse, y compris le placement temporaire et fixe, la gestion de payroll et la sous-traitance.\" \/>\n<meta property=\"og:url\" content=\"https:\/\/www.planetinterimservices.ch\/pt\/para-profissionais\/\" \/>\n<meta property=\"og:site_name\" content=\"Planet Interim Services SA\" \/>\n<meta property=\"article:modified_time\" content=\"2025-11-21T09:08:25+00:00\" \/>\n<meta property=\"og:image\" content=\"https:\/\/www.planetinterimservices.ch\/wp-content\/uploads\/2024\/11\/planet-interim-emplois-temporaires-et-fixes-en-suisse-4-1024x683.jpeg\" \/>\n<meta name=\"twitter:card\" content=\"summary_large_image\" \/>\n<meta name=\"twitter:label1\" content=\"Tempo estimado de leitura\" \/>\n\t<meta name=\"twitter:data1\" content=\"4 minutos\" \/>\n<script type=\"application\/ld+json\" class=\"yoast-schema-graph\">{\"@context\":\"https:\\\/\\\/schema.org\",\"@graph\":[{\"@type\":\"WebPage\",\"@id\":\"https:\\\/\\\/www.planetinterimservices.ch\\\/pour-les-professionnels\\\/\",\"url\":\"https:\\\/\\\/www.planetinterimservices.ch\\\/pour-les-professionnels\\\/\",\"name\":\"Entreprises, services de placement temporaire et fixe | Planet Interim\",\"isPartOf\":{\"@id\":\"https:\\\/\\\/www.planetinterimservices.ch\\\/#website\"},\"primaryImageOfPage\":{\"@id\":\"https:\\\/\\\/www.planetinterimservices.ch\\\/pour-les-professionnels\\\/#primaryimage\"},\"image\":{\"@id\":\"https:\\\/\\\/www.planetinterimservices.ch\\\/pour-les-professionnels\\\/#primaryimage\"},\"thumbnailUrl\":\"https:\\\/\\\/www.planetinterimservices.ch\\\/wp-content\\\/uploads\\\/2024\\\/11\\\/planet-interim-emplois-temporaires-et-fixes-en-suisse-4-1024x683.jpeg\",\"datePublished\":\"2024-11-18T12:57:59+00:00\",\"dateModified\":\"2025-11-21T09:08:25+00:00\",\"description\":\"Planet Interim propose des services pour les entreprises en Suisse, y compris le placement temporaire et fixe, la gestion de payroll et la sous-traitance.\",\"breadcrumb\":{\"@id\":\"https:\\\/\\\/www.planetinterimservices.ch\\\/pour-les-professionnels\\\/#breadcrumb\"},\"inLanguage\":\"pt-PT\",\"potentialAction\":[{\"@type\":\"ReadAction\",\"target\":[\"https:\\\/\\\/www.planetinterimservices.ch\\\/pour-les-professionnels\\\/\"]}]},{\"@type\":\"ImageObject\",\"inLanguage\":\"pt-PT\",\"@id\":\"https:\\\/\\\/www.planetinterimservices.ch\\\/pour-les-professionnels\\\/#primaryimage\",\"url\":\"https:\\\/\\\/www.planetinterimservices.ch\\\/wp-content\\\/uploads\\\/2024\\\/11\\\/planet-interim-emplois-temporaires-et-fixes-en-suisse-4-1024x683.jpeg\",\"contentUrl\":\"https:\\\/\\\/www.planetinterimservices.ch\\\/wp-content\\\/uploads\\\/2024\\\/11\\\/planet-interim-emplois-temporaires-et-fixes-en-suisse-4-1024x683.jpeg\"},{\"@type\":\"BreadcrumbList\",\"@id\":\"https:\\\/\\\/www.planetinterimservices.ch\\\/pour-les-professionnels\\\/#breadcrumb\",\"itemListElement\":[{\"@type\":\"ListItem\",\"position\":1,\"name\":\"Accueil\",\"item\":\"https:\\\/\\\/www.planetinterimservices.ch\\\/\"},{\"@type\":\"ListItem\",\"position\":2,\"name\":\"Pour les professionnels\"}]},{\"@type\":\"WebSite\",\"@id\":\"https:\\\/\\\/www.planetinterimservices.ch\\\/#website\",\"url\":\"https:\\\/\\\/www.planetinterimservices.ch\\\/\",\"name\":\"Planet Interim Services SA\",\"description\":\"\",\"publisher\":{\"@id\":\"https:\\\/\\\/www.planetinterimservices.ch\\\/#organization\"},\"potentialAction\":[{\"@type\":\"SearchAction\",\"target\":{\"@type\":\"EntryPoint\",\"urlTemplate\":\"https:\\\/\\\/www.planetinterimservices.ch\\\/?s={search_term_string}\"},\"query-input\":{\"@type\":\"PropertyValueSpecification\",\"valueRequired\":true,\"valueName\":\"search_term_string\"}}],\"inLanguage\":\"pt-PT\"},{\"@type\":\"Organization\",\"@id\":\"https:\\\/\\\/www.planetinterimservices.ch\\\/#organization\",\"name\":\"Planet Interim Services SA\",\"url\":\"https:\\\/\\\/www.planetinterimservices.ch\\\/\",\"logo\":{\"@type\":\"ImageObject\",\"inLanguage\":\"pt-PT\",\"@id\":\"https:\\\/\\\/www.planetinterimservices.ch\\\/#\\\/schema\\\/logo\\\/image\\\/\",\"url\":\"https:\\\/\\\/www.planetinterimservices.ch\\\/wp-content\\\/uploads\\\/2025\\\/11\\\/logo-horizontal-fond-blanc.svg\",\"contentUrl\":\"https:\\\/\\\/www.planetinterimservices.ch\\\/wp-content\\\/uploads\\\/2025\\\/11\\\/logo-horizontal-fond-blanc.svg\",\"width\":695,\"height\":178,\"caption\":\"Planet Interim Services SA\"},\"image\":{\"@id\":\"https:\\\/\\\/www.planetinterimservices.ch\\\/#\\\/schema\\\/logo\\\/image\\\/\"}}]}<\/script>\n<!-- \/ Yoast SEO plugin. -->","yoast_head_json":{"title":"Empresas, servi\u00e7os de coloca\u00e7\u00e3o tempor\u00e1ria e fixa | Planet Interim","description":"A Planet Interim oferece servi\u00e7os para empresas na Su\u00ed\u00e7a, incluindo coloca\u00e7\u00e3o tempor\u00e1ria e permanente, gest\u00e3o de folha de pagamento e subcontrata\u00e7\u00e3o.","robots":{"index":"index","follow":"follow","max-snippet":"max-snippet:-1","max-image-preview":"max-image-preview:large","max-video-preview":"max-video-preview:-1"},"canonical":"https:\/\/www.planetinterimservices.ch\/pt\/para-profissionais\/","og_locale":"pt_PT","og_type":"article","og_title":"Entreprises, services de placement temporaire et fixe | Planet Interim","og_description":"Planet Interim propose des services pour les entreprises en Suisse, y compris le placement temporaire et fixe, la gestion de payroll et la sous-traitance.","og_url":"https:\/\/www.planetinterimservices.ch\/pt\/para-profissionais\/","og_site_name":"Planet Interim Services SA","article_modified_time":"2025-11-21T09:08:25+00:00","og_image":[{"url":"https:\/\/www.planetinterimservices.ch\/wp-content\/uploads\/2024\/11\/planet-interim-emplois-temporaires-et-fixes-en-suisse-4-1024x683.jpeg","type":"","width":"","height":""}],"twitter_card":"summary_large_image","twitter_misc":{"Tempo estimado de leitura":"4 minutos"},"schema":{"@context":"https:\/\/schema.org","@graph":[{"@type":"WebPage","@id":"https:\/\/www.planetinterimservices.ch\/pour-les-professionnels\/","url":"https:\/\/www.planetinterimservices.ch\/pour-les-professionnels\/","name":"Empresas, servi\u00e7os de coloca\u00e7\u00e3o tempor\u00e1ria e fixa | Planet Interim","isPartOf":{"@id":"https:\/\/www.planetinterimservices.ch\/#website"},"primaryImageOfPage":{"@id":"https:\/\/www.planetinterimservices.ch\/pour-les-professionnels\/#primaryimage"},"image":{"@id":"https:\/\/www.planetinterimservices.ch\/pour-les-professionnels\/#primaryimage"},"thumbnailUrl":"https:\/\/www.planetinterimservices.ch\/wp-content\/uploads\/2024\/11\/planet-interim-emplois-temporaires-et-fixes-en-suisse-4-1024x683.jpeg","datePublished":"2024-11-18T12:57:59+00:00","dateModified":"2025-11-21T09:08:25+00:00","description":"A Planet Interim oferece servi\u00e7os para empresas na Su\u00ed\u00e7a, incluindo coloca\u00e7\u00e3o tempor\u00e1ria e permanente, gest\u00e3o de folha de pagamento e subcontrata\u00e7\u00e3o.","breadcrumb":{"@id":"https:\/\/www.planetinterimservices.ch\/pour-les-professionnels\/#breadcrumb"},"inLanguage":"pt-PT","potentialAction":[{"@type":"ReadAction","target":["https:\/\/www.planetinterimservices.ch\/pour-les-professionnels\/"]}]},{"@type":"ImageObject","inLanguage":"pt-PT","@id":"https:\/\/www.planetinterimservices.ch\/pour-les-professionnels\/#primaryimage","url":"https:\/\/www.planetinterimservices.ch\/wp-content\/uploads\/2024\/11\/planet-interim-emplois-temporaires-et-fixes-en-suisse-4-1024x683.jpeg","contentUrl":"https:\/\/www.planetinterimservices.ch\/wp-content\/uploads\/2024\/11\/planet-interim-emplois-temporaires-et-fixes-en-suisse-4-1024x683.jpeg"},{"@type":"BreadcrumbList","@id":"https:\/\/www.planetinterimservices.ch\/pour-les-professionnels\/#breadcrumb","itemListElement":[{"@type":"ListItem","position":1,"name":"Accueil","item":"https:\/\/www.planetinterimservices.ch\/"},{"@type":"ListItem","position":2,"name":"Pour les professionnels"}]},{"@type":"WebSite","@id":"https:\/\/www.planetinterimservices.ch\/#website","url":"https:\/\/www.planetinterimservices.ch\/","name":"Planet Interim Services SA","description":"","publisher":{"@id":"https:\/\/www.planetinterimservices.ch\/#organization"},"potentialAction":[{"@type":"SearchAction","target":{"@type":"EntryPoint","urlTemplate":"https:\/\/www.planetinterimservices.ch\/?s={search_term_string}"},"query-input":{"@type":"PropertyValueSpecification","valueRequired":true,"valueName":"search_term_string"}}],"inLanguage":"pt-PT"},{"@type":"Organization","@id":"https:\/\/www.planetinterimservices.ch\/#organization","name":"Planet Interim Services SA","url":"https:\/\/www.planetinterimservices.ch\/","logo":{"@type":"ImageObject","inLanguage":"pt-PT","@id":"https:\/\/www.planetinterimservices.ch\/#\/schema\/logo\/image\/","url":"https:\/\/www.planetinterimservices.ch\/wp-content\/uploads\/2025\/11\/logo-horizontal-fond-blanc.svg","contentUrl":"https:\/\/www.planetinterimservices.ch\/wp-content\/uploads\/2025\/11\/logo-horizontal-fond-blanc.svg","width":695,"height":178,"caption":"Planet Interim Services SA"},"image":{"@id":"https:\/\/www.planetinterimservices.ch\/#\/schema\/logo\/image\/"}}]}},"_links":{"self":[{"href":"https:\/\/www.planetinterimservices.ch\/pt\/wp-json\/wp\/v2\/pages\/491","targetHints":{"allow":["GET"]}}],"collection":[{"href":"https:\/\/www.planetinterimservices.ch\/pt\/wp-json\/wp\/v2\/pages"}],"about":[{"href":"https:\/\/www.planetinterimservices.ch\/pt\/wp-json\/wp\/v2\/types\/page"}],"author":[{"embeddable":true,"href":"https:\/\/www.planetinterimservices.ch\/pt\/wp-json\/wp\/v2\/users\/3"}],"replies":[{"embeddable":true,"href":"https:\/\/www.planetinterimservices.ch\/pt\/wp-json\/wp\/v2\/comments?post=491"}],"version-history":[{"count":52,"href":"https:\/\/www.planetinterimservices.ch\/pt\/wp-json\/wp\/v2\/pages\/491\/revisions"}],"predecessor-version":[{"id":1941,"href":"https:\/\/www.planetinterimservices.ch\/pt\/wp-json\/wp\/v2\/pages\/491\/revisions\/1941"}],"wp:attachment":[{"href":"https:\/\/www.planetinterimservices.ch\/pt\/wp-json\/wp\/v2\/media?parent=491"}],"curies":[{"name":"wp","href":"https:\/\/api.w.org\/{rel}","templated":true}]}}